{"id":2184,"date":"2018-04-10T17:49:46","date_gmt":"2018-04-10T17:49:46","guid":{"rendered":"http:\/\/10.2.1.182\/prueba2\/index.php\/entorno\/"},"modified":"2019-01-18T13:57:30","modified_gmt":"2019-01-18T13:57:30","slug":"reiseziel-las-palmas","status":"publish","type":"page","link":"https:\/\/www.aptciudadjardin.com\/de\/reiseziel-las-palmas\/","title":{"rendered":"Reiseziel Las Palmas de Gran Canaria"},"content":{"rendered":"<p>[vc_row][vc_column]<div style=\"background-color:; height: 60px;\" class=\"nicdark_section  \"><\/div> <h1 style=\"color:#41b2a5; padding:px; text-align:center; font-size:40px; line-height:40px; letter-spacing: px; font-weight:normal;\" class=\"   nd_options_first_font \">Reiseziel Las Palmas de Gran Canaria<\/h1> <div style=\"background-color:; height: 10px;\" class=\"nicdark_section  \"><\/div>[vc_single_image image=&#8220;4972&#8243; alignment=&#8220;center&#8220;][\/vc_column][\/vc_row][vc_row][vc_column] <p style=\"color:#333333; padding:px; text-align:center; font-size:25px; line-height:50px; letter-spacing: px; font-weight:lighter;\" class=\"   nd_options_second_font \">\u00ab\u2009Die Hauptstadt, eines der St\u00e4dte mit den besten Klimata weltweit, sticht durch dessen privilegierte geographische Lage hervor: sie ist eine kulturelle und wirtschaftliche Br\u00fccke zwischen Europa, Afrika und Amerika. \u00bb<\/p> <div style=\"background-color:; height: 60px;\" class=\"nicdark_section  \"><\/div><div style=\"background-color:; height: 10px;\" class=\"nicdark_section  \"><\/div><div style=\"background-color:; height: 10px;\" class=\"nicdark_section  \"><\/div>[\/vc_column][\/vc_row][vc_row][vc_column] <h2 style=\"color:#ffb290; padding:px; text-align:; font-size:15px; line-height:20px; letter-spacing: 5px; font-weight:normal;\" class=\"   nd_options_second_font \">KOSMOPOLITISCHE STADT DER KANAREN<\/h2> <div style=\"background-color:; height: 20px;\" class=\"nicdark_section  \"><\/div>[\/vc_column][\/vc_row][vc_row][vc_column width=&#8220;1\/2&#8243;][vc_gallery type=&#8220;image_grid&#8220; images=&#8220;5084,5085,5086&#8243; css_animation=&#8220;slideInUp&#8220;][\/vc_column][vc_column width=&#8220;1\/2&#8243;][vc_column_text]<\/p>\n<div class=\"texto\">\n<p>Unsere<strong> Apartments Ciudad Jard\u00edn<\/strong> befinden sich in <strong>Las Palmas de Gran Canaria<\/strong>, kosmopolitische Stadt der Kanarischen Inseln und eines der St\u00e4dte mit den besten Klimata weltweit. Durch dessen privilegierte geographische Lage ist die Hauptstadt eine kulturelle und wirtschaftliche Br\u00fccke zwischen Europa, Afrika und Amerika. Die Flugverbindungen sind optimal, so dass nur zweieinhalb Stunden die Insel von Madrid, vier Stunden von den europ\u00e4ischen Hauptst\u00e4dten und sechs Stunden von Amerika trennen. Die Hauptstadt gilt als Wirtschaftsherz des Archipels dank ihrer Position als Kreuzung zwischen drei Kontinenten. Die intensive <strong>wirtschaftliche Aktivit\u00e4t<\/strong> macht aus der Stadt ein Gesch\u00e4ftszentrum. H\u00e4ndler, die aus entfernten L\u00e4ndern wie Indien oder dem Fernen Osten kommen, haben diese Stadt f\u00fcr ihre Business-Aktivit\u00e4ten gew\u00e4hlt, in der der <strong>traditionelle Handel<\/strong> und <strong>moderne Gesch\u00e4ftszentren <\/strong> zusammenkommen.<br \/>\nDie Stadt zeigt ihre wahre Identit\u00e4t durch den Hafen, <strong>Puerto de La Luz y de Las Palmas<\/strong>. Der Hafen zeichnet sich durch den konstanten Fluss an Menschen, G\u00fctern und Services aus. Ohne Zweifel ist diese weltoffene Hauptstadt ein Zeichen der Kulturmischung. Gerade in diesem Stadtteil finden Sie den <strong>Hafenmarkt<\/strong>, eines der f\u00fcnf besten Gastro-M\u00e4rkte Spaniens. Dessen wundersch\u00f6ne Architektur aus Schmiedeeisen sticht hervor, aber auch die Qualit\u00e4t dessen Produkte, unter anderem der ber\u00fchmten&#8220;papas con mojo&#8220;.<\/p>\n<p>Im Stadtteil des Hafens finden Sie ebenso den ber\u00fchmten <strong>&#8222;Poema del Mar&#8220;<\/strong>, das neue gro\u00dfe Aquarium der Hauptstadt. Es f\u00fchlt sich an, als w\u00e4re man in einer anderen Unterwasser-Welt.\u00a0 Hier werden Sie \u00fcber <strong>350 Tierarten<\/strong> bewundern k\u00f6nnen.<\/p>\n<p>In der Hauptstadt finden gro\u00dfartige <strong>internationale Festivals<\/strong> statt, wie die f\u00fcr klassische Musik, Theater und Oper. Die <strong>kulturellen und k\u00fcnstlerischen Veranstaltungen<\/strong> positionieren <strong>Las Palmas de Gran Canaria<\/strong> als Referenz f\u00fcr die restlichen Inseln und den Rest des Landes. Unser Karneval, das Jazz Festival und das Festival f\u00fcr Theater, Musik und Tanz sind einige Beispiele daf\u00fcr. Des Weiteren umfasst das kulturelle Reichtum der Stadt ein gro\u00dfes Netzwerk von Museen, Ausstellungshallen, Theatern und Auditorien f\u00fcr jedes Publikum. Darunter ist das <strong>Theater P\u00e9rez Gald\u00f3s <\/strong>besonders zu erw\u00e4hnen, welches den Namen des <strong>Ehrenb\u00fcrger Veguetas <\/strong>tr\u00e4gt.<\/p>\n<\/div>\n<p>[\/vc_column_text][\/vc_column][\/vc_row][vc_row][vc_column] <h2 style=\"color:#ffb290; padding:px; text-align:; font-size:15px; line-height:20px; letter-spacing: 5px; font-weight:normal;\" class=\"   nd_options_second_font \">TRIANA UND VEGUETA: SPUREN DER GESCHICHTE<\/h2> <div style=\"background-color:; height: 20px;\" class=\"nicdark_section  \"><\/div>[\/vc_column][\/vc_row][vc_row][vc_column width=&#8220;1\/2&#8243;][vc_column_text]<\/p>\n<div class=\"texto\">\n<p>Der Altstadt-Viertel <strong>Triana <\/strong>im Stadtteil Zentrum,\u00a0 ist eines der charmantesten Orte der Hauptstadt. Hier werden Sie den Spaziergang durch gepflasterte Gassen und malerische Ecken mit historischem Touch genie\u00dfen. Die ber\u00fchmte Einkaufsstra\u00dfe <strong>Calle Mayor de Triana <\/strong>sticht durch dessen sch\u00f6ne Architektur und dessen intensive gesch\u00e4ftliche Aktivit\u00e4t hervor. Der historische Altstadtviertel <strong>Vegueta<\/strong> zeigt die Spuren, die K\u00f6nige, Forscher und ber\u00fchmte Besucher hinterlassen haben. Durch diesen Viertel im Kolonialstil spazieren zu gehen, bedeutet, eine Zeitreise durch die Stadt und ihre f\u00fcnf Jahrhundert alte Geschichte zu machen. Die Altstadt ist Zeuge der Pr\u00e4senz historischer Pers\u00f6nlichkeiten wie Cristoph Kolumbus gewesen, hat aber auch die Habgier der Piraten aus aller Welt erlebt, die durch dessen strategische Lage die Altstadt besucht haben. Zudem haben s\u00e4mtliche Geb\u00e4ude die Geburt ber\u00fchmter Pers\u00f6nlichkeiten bezeugt, zum Beispiel <strong>Benito P\u00e9rez Gald\u00f3s<\/strong> oder <strong>Alfredo Kraus<\/strong>.<br \/>\nIn dieser Umgebung finden Sie Ecken, Geb\u00e4ude, Denkmale und Sehensw\u00fcrdigkeiten wie die Piazza <strong>Plaza Mayor de Santa Ana<\/strong>, eines der emblematischsten Orte der Stadt. Und genau hier finden Sie eines der wichtigsten Geb\u00e4ude der Kanarischen religi\u00f6sen Architektur: die <strong>Kathedrale der Kanaren<\/strong>. Das <strong>Gabinete Literario <\/strong>(literarisches Kabinett), das <strong>Museumshaus Kolumbus, das Atlantsiche Zentrum f\u00fcr Moderne Kunst, das Kanarsiche Museum<\/strong> oder der ber\u00fchmte<strong> Markt<\/strong><strong> Veguetas<\/strong> sind nur einige Beispiele f\u00fcr Orte, die Sie unbedingt auf Ihre Tour durch die Altstadt besuchen sollten.<\/p>\n<\/div>\n<p>[\/vc_column_text]<div style=\"background-color:; height: 40px;\" class=\"nicdark_section  \"><\/div>[\/vc_column][vc_column width=&#8220;1\/2&#8243;][vc_gallery type=&#8220;image_grid&#8220; images=&#8220;5089,5087,5088&#8243; css_animation=&#8220;slideInUp&#8220;][\/vc_column][\/vc_row][vc_row][vc_column] <h2 style=\"color:#ffb290; padding:px; text-align:right; font-size:15px; line-height:20px; letter-spacing: 5px; font-weight:normal;\" class=\"   nd_options_second_font \">DER ORT F\u00dcR SPORTLIEBHABER<\/h2> <div style=\"background-color:; height: 20px;\" class=\"nicdark_section  \"><\/div>[\/vc_column][\/vc_row][vc_row][vc_column width=&#8220;1\/2&#8243;][vc_gallery type=&#8220;image_grid&#8220; images=&#8220;5094,5095,5096,5097,5098,5099&#8243; css_animation=&#8220;slideInUp&#8220;][\/vc_column][vc_column width=&#8220;1\/2&#8243;][vc_column_text]<\/p>\n<div class=\"texto\">\n<p><strong>Gran Canaria<\/strong> ist zweifellos eine hervorragende Insel, um Sport am Freien und in direktem Kontakt mit der Natur zu treiben. Die Freundlichkeit des Wassers und des Windes, sowie die durchschnittliche Jahrestemperatur des Wassers bei 20\u00ba, machen aus <strong>Gran Canaria<\/strong> den perfekten Ort f\u00fcr Liebhaber der Wassersportarten wie Surfen, Bodyboard oder Kitesurfen. Zum Beispiel ist <strong>La C\u00edcer<\/strong>, an eines der Extreme unseres <strong>Stadtstrandes<\/strong> <strong>Las Canteras<\/strong>, der ber\u00fcmteste Surf-Spot der Insel. Nat\u00fcrlich ist <strong>Gran Canaria<\/strong> auch ein idealer Ort f\u00fcr diejenigen, die gerne tauchen, fischen oder segeln. Die Hauptstadt <strong>Las Palmas de Gran Canaria<\/strong>ist zudem ein grandioses Szenario von Regatten auf internationalem Niveau und Teil des <strong>World Surf Cities Network.<\/strong><br \/>\nNichtsdestotrotz ist <strong>Gran Canaria<\/strong> auch ein Zufluchtsort f\u00fcr Liebhaber der abrupten Berge, des Gr\u00fcnen und des Feuchten. Die Insel bietet ein umfangreiches Netz von Wanderwegen f\u00fcr jedes Publikum mi \u00fcber 300 Kilometern an Pfaden und 33 Naturschutzgebieten.<\/p>\n<p>Nat\u00fcrlich d\u00fcrfen Sie auch die Insel auf gesunder Weise auf dem Fahrrad entdecken. Sie w\u00e4hlen den Schwierigkeitsgrad, die Dauer und den Weg, den Sie bevorzugen:\u00a0 entspannt durch die Hauptstadtgassen und der Promenade radeln, oder Ihre Fitness auf den Bergen auf die Probe stellen.<\/p>\n<\/div>\n<p>[\/vc_column_text][\/vc_column][\/vc_row][vc_row][vc_column] <h2 style=\"color:#ffb290; padding:px; text-align:; font-size:15px; line-height:20px; letter-spacing: 5px; font-weight:normal;\" class=\"   nd_options_second_font \">LAS CANTERAS: DAS JUWEL UNSERER HAUPTSTADT<\/h2> <div style=\"background-color:; height: 30px;\" class=\"nicdark_section  \"><\/div>[\/vc_column][\/vc_row][vc_row][vc_column width=&#8220;1\/2&#8243;][vc_column_text]<\/p>\n<div class=\"texto\">\n<p>Es ist definitiv ein Privileg, w\u00e4hrend Ihres Aufenthalts die Str\u00e4nde und H\u00e4fen genie\u00dfen zu k\u00f6nnen, die nicht nur die angeborene Sch\u00f6nheit der Kanaren besitzen, sondern sich auch von den anderen f\u00fcr ihre Qualit\u00e4t abheben. Ohne Zweifel wird Ihnen <strong>Maspalomas<\/strong> den Atem rauben. Von <strong>Playa del Ingl\u00e9s<\/strong> bis hin zum alten Leuchtturm am anderen Extrem, umfasst <strong>Maspalomas<\/strong> die <strong>Charca<\/strong> (\u00fcbers. Teich) und die beeindruckenden <strong>D\u00fcnen<\/strong>, die zur <strong> Speziellen Naturreserve<\/strong> ernannt worden sind.<\/p>\n<p>Jedoch ist <strong>Las Canteras<\/strong> das Juwel der Hauptstadt: es ist eines der ber\u00fchmtesten und singul\u00e4rsten Str\u00e4nde Europas. Der Strand befindet sich nur eineinhalb Kilometer von unseren Apartments entfernt und l\u00e4dt zur Ruhe und zum Abschalten aus, aber auch zur Aus\u00fcbung s\u00e4mtlicher Wassersportarten. <strong>Las Canteras<\/strong> zeigt stolz <strong>&#8222;La Barra&#8220;<\/strong>, ein nat\u00fcrliches Riff, das ca. 200 Meter vom Ufer entfernt ist und vom Hochwasser sch\u00fctzt. Zudem erlaubt uns es, die gro\u00dfartige marine Reserve des Strandes bewundern und auf dem Wasser bei Ebbe gehen zu k\u00f6nnen.<\/p>\n<p>An einem der Strandextreme finden Sie neben <strong>La C\u00edcer <\/strong>das emblematische <strong>Auditorium Alfredo Kraus<\/strong>, ein einzigartiges Geb\u00e4ude in der Hauptstadt, Sitz der\u00a0<strong>Philharmonie Gran Canarias<\/strong> und Gastbeger des <strong>Internationalen Filmfestivals von Las Palmas de Gran Canaria<\/strong> des <strong>Kanarischen Musikfestivals<\/strong>, unter anderem. Am anderen Extrem finden Sie in <strong>La Puntilla<\/strong> charmante Au\u00dfenterrassen und spezialisierte Fischrestaurants. Und wenn Sie weiter an der Promenade spazieren, werden Sie die nat\u00fcrlichen Pools der Naturreserve <strong>El Confital<\/strong> erreichen.<\/p>\n<p>&nbsp;<\/p>\n<\/div>\n<p>[\/vc_column_text]<div style=\"background-color:; height: 40px;\" class=\"nicdark_section  \"><\/div>[\/vc_column][vc_column width=&#8220;1\/2&#8243;][vc_gallery type=&#8220;image_grid&#8220; images=&#8220;5090,5091,5092&#8243; css_animation=&#8220;slideInUp&#8220;][\/vc_column][\/vc_row]<\/p>\n","protected":false},"excerpt":{"rendered":"<p>[vc_row][vc_column][vc_single_image image=&#8220;4972&#8243; alignment=&#8220;center&#8220;][\/vc_column][\/vc_row][vc_row][vc_column][\/vc_column][\/vc_row][vc_row][vc_column][\/vc_column][\/vc_row][vc_row][vc_column width=&#8220;1\/2&#8243;][vc_gallery type=&#8220;image_grid&#8220; images=&#8220;5084,5085,5086&#8243; css_animation=&#8220;slideInUp&#8220;][\/vc_column][vc_column width=&#8220;1\/2&#8243;][vc_column_text] Unsere Apartments Ciudad Jard\u00edn befinden sich in Las Palmas de Gran Canaria, kosmopolitische Stadt der Kanarischen Inseln und eines der St\u00e4dte mit den besten Klimata weltweit. Durch dessen privilegierte geographische Lage ist die Hauptstadt eine kulturelle und wirtschaftliche Br\u00fccke zwischen Europa, Afrika und Amerika. Die Flugverbindungen sind [&hellip;]<\/p>\n","protected":false},"author":10,"featured_media":0,"parent":0,"menu_order":0,"comment_status":"closed","ping_status":"closed","template":"","meta":[],"_links":{"self":[{"href":"https:\/\/www.aptciudadjardin.com\/de\/wp-json\/wp\/v2\/pages\/2184"}],"collection":[{"href":"https:\/\/www.aptciudadjardin.com\/de\/wp-json\/wp\/v2\/pages"}],"about":[{"href":"https:\/\/www.aptciudadjardin.com\/de\/wp-json\/wp\/v2\/types\/page"}],"author":[{"embeddable":true,"href":"https:\/\/www.aptciudadjardin.com\/de\/wp-json\/wp\/v2\/users\/10"}],"replies":[{"embeddable":true,"href":"https:\/\/www.aptciudadjardin.com\/de\/wp-json\/wp\/v2\/comments?post=2184"}],"version-history":[{"count":0,"href":"https:\/\/www.aptciudadjardin.com\/de\/wp-json\/wp\/v2\/pages\/2184\/revisions"}],"wp:attachment":[{"href":"https:\/\/www.aptciudadjardin.com\/de\/wp-json\/wp\/v2\/media?parent=2184"}],"curies":[{"name":"wp","href":"https:\/\/api.w.org\/{rel}","templated":true}]}}